{"id":6,"date":"2024-04-18T08:34:04","date_gmt":"2024-04-18T08:34:04","guid":{"rendered":"https:\/\/antongroep.nl\/civiel-infra\/?page_id=6"},"modified":"2025-12-01T15:21:01","modified_gmt":"2025-12-01T14:21:01","slug":"civiel-infra","status":"publish","type":"page","link":"https:\/\/antongroep.nl\/civiel-infra\/","title":{"rendered":"Home"},"content":{"rendered":"\n<section  class=\"section section_expertise_cards\">\n\t<div class=\"container container-narrow-2\">\n\t\t<header class=\"section-header\">\n\t\t\t<h2 class=\"section-title\">Onze <em>expertises<\/em><\/h2>\n\t\t<\/header>\n\t<\/div>\n\n\t<div class=\"container\">\n\t\t\t\t\t\t\t\t\t\t<div class=\"row row-cols-1 row-cols-sm-2 row-cols-lg-4 g-2\">\n\t\t\t\t\t\t\t\t\t\t\t\t\t\t<div class=\"col\">\n\t\t\t\t\t\t\t\t\t\t\t\t\n<a href=\"https:\/\/antongroep.nl\/civiel-infra\/civiele-kunstwerken\/\" class=\"card card_expertise h-100\">\n\t\t\t<img decoding=\"async\" width=\"2400\" height=\"1600\" src=\"https:\/\/antongroep.nl\/civiel-infra\/wp-content\/uploads\/sites\/4\/2024\/07\/Home-Expertise-Civiele-werken.jpg\" class=\"card-img img-fluid\" alt=\"\" srcset=\"https:\/\/antongroep.nl\/civiel-infra\/wp-content\/uploads\/sites\/4\/2024\/07\/Home-Expertise-Civiele-werken.jpg 2400w, https:\/\/antongroep.nl\/civiel-infra\/wp-content\/uploads\/sites\/4\/2024\/07\/Home-Expertise-Civiele-werken-300x200.jpg 300w, https:\/\/antongroep.nl\/civiel-infra\/wp-content\/uploads\/sites\/4\/2024\/07\/Home-Expertise-Civiele-werken-768x512.jpg 768w, https:\/\/antongroep.nl\/civiel-infra\/wp-content\/uploads\/sites\/4\/2024\/07\/Home-Expertise-Civiele-werken-1024x683.jpg 1024w, https:\/\/antongroep.nl\/civiel-infra\/wp-content\/uploads\/sites\/4\/2024\/07\/Home-Expertise-Civiele-werken-1536x1024.jpg 1536w, https:\/\/antongroep.nl\/civiel-infra\/wp-content\/uploads\/sites\/4\/2024\/07\/Home-Expertise-Civiele-werken-2048x1365.jpg 2048w\" sizes=\"(max-width: 2400px) 100vw, 2400px\" style=\"object-position:68% 40%\" \/>\t\n\t<div class=\"card-img-overlay\">\n\t\t<div class=\"card-img-overlay-inner\">\n\t\t\t<h3 class=\"card-title\">\n\t\t\t\t<div class=\"d-inline-block animate animate-fade-left\" >Civiele kunstwerken<\/div>\n\t\t\t<\/h3>\n\t\t<\/div>\n\t<\/div>\n<\/a>\n\t\t\t\t\t<\/div>\n\n\t\t\t\t\t\t\t\t\t\t\t\t\t\t\t\t\t\t\t<div class=\"col\">\n\t\t\t\t\t\t\t\t\t\t\t\t\n<a href=\"https:\/\/antongroep.nl\/civiel-infra\/infraconstructies\/\" class=\"card card_expertise h-100\">\n\t\t\t<img decoding=\"async\" width=\"900\" height=\"600\" src=\"https:\/\/antongroep.nl\/civiel-infra\/wp-content\/uploads\/sites\/4\/2024\/04\/Home-Expertise-01.jpg\" class=\"card-img img-fluid\" alt=\"\" srcset=\"https:\/\/antongroep.nl\/civiel-infra\/wp-content\/uploads\/sites\/4\/2024\/04\/Home-Expertise-01.jpg 900w, https:\/\/antongroep.nl\/civiel-infra\/wp-content\/uploads\/sites\/4\/2024\/04\/Home-Expertise-01-300x200.jpg 300w, https:\/\/antongroep.nl\/civiel-infra\/wp-content\/uploads\/sites\/4\/2024\/04\/Home-Expertise-01-768x512.jpg 768w\" sizes=\"(max-width: 900px) 100vw, 900px\" \/>\t\n\t<div class=\"card-img-overlay\">\n\t\t<div class=\"card-img-overlay-inner\">\n\t\t\t<h3 class=\"card-title\">\n\t\t\t\t<div class=\"d-inline-block animate animate-fade-left\" style=\"--delay: 0.25s\">Infra<\/div>\n\t\t\t<\/h3>\n\t\t<\/div>\n\t<\/div>\n<\/a>\n\t\t\t\t\t<\/div>\n\n\t\t\t\t\t\t\t\t\t\t\t\t\t\t\t\t\t\t\t<div class=\"col\">\n\t\t\t\t\t\t\t\t\t\t\t\t\n<a href=\"https:\/\/antongroep.nl\/civiel-infra\/waterbouw\/\" class=\"card card_expertise h-100\">\n\t\t\t<img decoding=\"async\" width=\"2400\" height=\"1800\" src=\"https:\/\/antongroep.nl\/civiel-infra\/wp-content\/uploads\/sites\/4\/2024\/07\/Home-Expertise-Waterbouw1.jpg\" class=\"card-img img-fluid\" alt=\"\" srcset=\"https:\/\/antongroep.nl\/civiel-infra\/wp-content\/uploads\/sites\/4\/2024\/07\/Home-Expertise-Waterbouw1.jpg 2400w, https:\/\/antongroep.nl\/civiel-infra\/wp-content\/uploads\/sites\/4\/2024\/07\/Home-Expertise-Waterbouw1-300x225.jpg 300w, https:\/\/antongroep.nl\/civiel-infra\/wp-content\/uploads\/sites\/4\/2024\/07\/Home-Expertise-Waterbouw1-768x576.jpg 768w, https:\/\/antongroep.nl\/civiel-infra\/wp-content\/uploads\/sites\/4\/2024\/07\/Home-Expertise-Waterbouw1-1024x768.jpg 1024w, https:\/\/antongroep.nl\/civiel-infra\/wp-content\/uploads\/sites\/4\/2024\/07\/Home-Expertise-Waterbouw1-1536x1152.jpg 1536w, https:\/\/antongroep.nl\/civiel-infra\/wp-content\/uploads\/sites\/4\/2024\/07\/Home-Expertise-Waterbouw1-2048x1536.jpg 2048w\" sizes=\"(max-width: 2400px) 100vw, 2400px\" \/>\t\n\t<div class=\"card-img-overlay\">\n\t\t<div class=\"card-img-overlay-inner\">\n\t\t\t<h3 class=\"card-title\">\n\t\t\t\t<div class=\"d-inline-block animate animate-fade-left\" style=\"--delay: 0.5s\">Waterbouw<\/div>\n\t\t\t<\/h3>\n\t\t<\/div>\n\t<\/div>\n<\/a>\n\t\t\t\t\t<\/div>\n\n\t\t\t\t\t\t\t\t\t\t\t\t\t\t\t\t\t\t\t<div class=\"col\">\n\t\t\t\t\t\t\t\t\t\t\t\t\n<a href=\"https:\/\/antongroep.nl\/civiel-infra\/sanering\/\" class=\"card card_expertise h-100\">\n\t\t\t<img decoding=\"async\" width=\"1600\" height=\"1200\" src=\"https:\/\/antongroep.nl\/civiel-infra\/wp-content\/uploads\/sites\/4\/2024\/07\/Home-Expertise-Sanering.jpg\" class=\"card-img img-fluid\" alt=\"\" srcset=\"https:\/\/antongroep.nl\/civiel-infra\/wp-content\/uploads\/sites\/4\/2024\/07\/Home-Expertise-Sanering.jpg 1600w, https:\/\/antongroep.nl\/civiel-infra\/wp-content\/uploads\/sites\/4\/2024\/07\/Home-Expertise-Sanering-300x225.jpg 300w, https:\/\/antongroep.nl\/civiel-infra\/wp-content\/uploads\/sites\/4\/2024\/07\/Home-Expertise-Sanering-768x576.jpg 768w, https:\/\/antongroep.nl\/civiel-infra\/wp-content\/uploads\/sites\/4\/2024\/07\/Home-Expertise-Sanering-1024x768.jpg 1024w, https:\/\/antongroep.nl\/civiel-infra\/wp-content\/uploads\/sites\/4\/2024\/07\/Home-Expertise-Sanering-1536x1152.jpg 1536w\" sizes=\"(max-width: 1600px) 100vw, 1600px\" \/>\t\n\t<div class=\"card-img-overlay\">\n\t\t<div class=\"card-img-overlay-inner\">\n\t\t\t<h3 class=\"card-title\">\n\t\t\t\t<div class=\"d-inline-block animate animate-fade-left\" style=\"--delay: 0.75s\">Onderhoudscontracten en bouwteam<\/div>\n\t\t\t<\/h3>\n\t\t<\/div>\n\t<\/div>\n<\/a>\n\t\t\t\t\t<\/div>\n\n\t\t\t\t\t\t\t\t\t\t\t\t<\/div>\n\t\t\t<\/div>\n<\/section>\n\n\n\n<section  class=\"section section_quote align_text_left\">\n\t<div class=\"container container-narrow-2\">\n\t\t<div class=\"section-body w-100 text-start\">\n\t\t\t<h2 class=\"section-title\"><\/h2>\n\n\t\t\t\t\t\t\t<div class=\"section-text\"><p>&ldquo; <em>Anton Civiel & Infra<\/em> is gespecialiseerd in projecten voor overheden en combineert vakmanschap en betrouwbaarheid. &rdquo;<\/p>\n<\/div>\n\t\t\t\n\t\t\t\t\t\t\t<div class=\"section-buttons\">\n\t\t\t\t\t<a href=\"https:\/\/antongroep.nl\/civiel-infra\/over-ons\/\" class=\"btn btn-primary\" title=\"Over ons\"><span class=\"btn-inner\">Over ons<\/span><\/a>\t\t\t\t<\/div>\n\t\t\t\t\t<\/div>\n\t<\/div>\n<\/section>\n\n\n\n<section  class=\"section section_text animate variant_simple align_text_left\" >\n\t\t<div class=\"container\">\n\t\t<div class=\"section-inner\">\n\n\t\t\t<div class=\"row gx-4 gx-xl-5 gx-xxl-6 align-items-center\">\n\t\t\t\t<div class=\"col-12 col-lg-6 col_media mx-auto mb-3 mb-md-0\">\n\t\t\t\t\t\t\t\t\t\t<img decoding=\"async\" width=\"2000\" height=\"1276\" src=\"https:\/\/antongroep.nl\/civiel-infra\/wp-content\/uploads\/sites\/4\/2024\/06\/IMG_5378-zw-e1721728407427.jpg\" class=\"section-img img-fluid rounded\" alt=\"\" srcset=\"https:\/\/antongroep.nl\/civiel-infra\/wp-content\/uploads\/sites\/4\/2024\/06\/IMG_5378-zw-e1721728407427.jpg 2000w, https:\/\/antongroep.nl\/civiel-infra\/wp-content\/uploads\/sites\/4\/2024\/06\/IMG_5378-zw-e1721728407427-300x191.jpg 300w, https:\/\/antongroep.nl\/civiel-infra\/wp-content\/uploads\/sites\/4\/2024\/06\/IMG_5378-zw-e1721728407427-768x490.jpg 768w, https:\/\/antongroep.nl\/civiel-infra\/wp-content\/uploads\/sites\/4\/2024\/06\/IMG_5378-zw-e1721728407427-1024x653.jpg 1024w, https:\/\/antongroep.nl\/civiel-infra\/wp-content\/uploads\/sites\/4\/2024\/06\/IMG_5378-zw-e1721728407427-1536x980.jpg 1536w\" sizes=\"(max-width: 2000px) 100vw, 2000px\" \/>\t\t\t\t<\/div>\n\n\t\t\t\t\n\t\t\t\t<div class=\"col-12 col-lg-6 col_text mx-auto d-flex align-items-center\">\n\t\t\t\t\t<div class=\"section-body w-100\">\n\t\t\t\t\t\t<div class=\"section-body-inner\">\n\t\t\t\t\t\t\t<h2 class=\"section-title\"><\/h2>\n\n\t\t\t\t\t\t\t<div class=\"section-text\"><div id=\"av-layout-grid-1\" class=\"av-layout-grid-container av-gjp2b-8683f55609484dcecde015443904b8e5 entry-content-wrapper main_color av-flex-cells avia-builder-el-4 el_after_av_section el_before_av_layout_row grid-row-tagline grid-row-not-first container_wrap fullsize\">\n<div class=\"flex_cell av-apsd2-d2be0e8af05fd662140b5b3a83630015 av-gridrow-cell av_three_fifth no_margin avia-builder-el-6 el_after_av_cell_one_fifth el_before_av_cell_one_fifth section-content-after-hero\">\n<div class=\"flex_cell_inner\">\n<div class=\"flex_column_table av-9vlv6-34084a512857f430ffd71afd625345de sc-av_one_full av-break-at-tablet-flextable av-equal-height-column-flextable\">\n<div class=\"flex_column av-9vlv6-34084a512857f430ffd71afd625345de av_one_full avia-builder-el-7 avia-builder-el-no-sibling hero-sub-p first av-break-at-tablet flex_column_table_cell av-equal-height-column av-align-top av-zero-column-padding \">\n<section class=\"av_textblock_section av-kmzea9bm-2b4c87ef236cd02318d20a5e54091618\">\n<div class=\"avia_textblock\">\n<p>Wij zijn <em>Anton Civiel en Infra B.V.<\/em>, een kleinschalig, inventief en hecht bedrijf met vakmensen en aankomend talent als onderdeel van de\u00a0<a href=\"https:\/\/antongroep.nl\/\" target=\"_blank\" rel=\"noopener\">Anton Groep<\/a>. Wij verbeteren de bestaande publieke voorzieningen en bouwen aan de nieuwe infrastructuur van onze regio samen met opdrachtgevers binnen de publieke sector. Dit doen wij door met onze opdrachtgevers de uitdagingen en vraagstukken van vandaag en morgen aan te vliegen als \u00e9\u00e9n team \u00e9\u00e9n taak.<\/p>\n<\/div>\n<\/section>\n<\/div>\n<\/div>\n<\/div>\n<\/div>\n<\/div>\n<div id=\"av-layout-grid-2\" class=\"av-layout-grid-container av-118j3v-320211357f18261858afc938b5cac76e entry-content-wrapper main_color av-flex-cells av-break-at-tablet avia-builder-el-10 el_after_av_layout_row el_before_av_layout_row grid-row-servicebox grid-row-not-first container_wrap fullsize\"><\/div>\n<\/div>\n\n\t\t\t\t\t\t\t\t\t\t\t\t\t<\/div>\n\t\t\t\t\t<\/div>\n\t\t\t\t<\/div>\n\t\t\t<\/div>\n\n\t\t<\/div>\n\t<\/div>\n<\/section>\n\n\n<section id=\"projecten\" class=\"section section_split_swiper section_projects_swiper\">\n\t<div class=\"container container-narrow-2\">\n\t\t<header class=\"section-header\">\n\t\t\t<h2 class=\"section-title\">Recente <em>projecten<\/em> <\/h2>\n\t\t<\/header>\n\t<\/div>\n\n\t<div class=\"container d-none d-lg-block\">\n\t\t\n\t\t\n\t\t<div class=\"row gx-0\">\n\t\t\t<div class=\"col-12 col-lg-4 col_info\">\n\t\t\t\t<div class=\"section-body p-5 h-100\">\n\t\t\t\t\t<div class=\"section-body-inner\">\n\t\t\t\t\t\t\t<div class=\"swiper-container\">\n\t\t\t\t\t\t\t\t<div id=\"swiper-24\" class=\"swiper swiper-split-info\">\n\t\t\t\t\t\t\t\t\t<div class=\"swiper-wrapper\">\n\t\t\t\t\t\t\t\t\t\t\t\t\t\t\t\t\t\t\t\t\t\t\t\t\t\t\t\t\t\t\t<div class=\"swiper-slide\">\n\t\t\t\t\t\t\t\t\t\t\t\t<article id=\"project-207\" data-blog_id=\"\" class=\"card card_project_info h-100 post-6 page type-page status-publish has-post-thumbnail hentry\">\n\t<div class=\"card-body\">\n\t\t<h3 class=\"card-title h5\">\n\t\t\t<a class=\"text-reset text-decoration-none\" href=\"https:\/\/antongroep.nl\/civiel-infra\/projecten\/rioolreconstructie-gemeente-edam-volendam\/\">\n\t\t\t\t<div class=\"card-title-inner\">\n\t\t\t\t\tRioolreconstructie Blokgouw Edam-Volendam\t\t\t\t<\/div>\n\t\t\t<\/a>\n\t\t<\/h3>\n\t\t<div class=\"card-text\">\n\t\t\tAnton Civiel en Infra heeft via een meervoudig onderhandse aanbesteding de klus kunnen binnen slepen voor de rioolreconstructie van de woonwijk Blokgouw 8 te Volendam. Met een doorlooptijd van ruim een jaar is een flink project waarbij wij het woongenot van de bewoners samen met het projectteam van de gemeente zullen verbeteren.\t\t<\/div>\n\t<\/div>\n\n\t<footer class=\"card-footer\">\n\t\t\t\t\t<a class=\"btn btn-primary stretched-link\" href=\"https:\/\/antongroep.nl\/civiel-infra\/projecten\/rioolreconstructie-gemeente-edam-volendam\/\">Bekijk dit project<\/a>\n\t\t\t\t\n\t<\/footer>\n<\/article>\n\t\t\t\t\t\t\t\t\t\t\t<\/div>\n\t\t\t\t\t\t\t\t\t\t\t\t\t\t\t\t\t\t\t\t\t<div class=\"swiper-slide\">\n\t\t\t\t\t\t\t\t\t\t\t\t<article id=\"project-135\" data-blog_id=\"\" class=\"card card_project_info h-100 post-6 page type-page status-publish has-post-thumbnail hentry\">\n\t<div class=\"card-body\">\n\t\t<h3 class=\"card-title h5\">\n\t\t\t<a class=\"text-reset text-decoration-none\" href=\"https:\/\/antongroep.nl\/civiel-infra\/projecten\/plaatsen-van-duiker-syngenta\/\">\n\t\t\t\t<div class=\"card-title-inner\">\n\t\t\t\t\tPlaatsen van Duiker Syngenta\t\t\t\t<\/div>\n\t\t\t<\/a>\n\t\t<\/h3>\n\t\t<div class=\"card-text\">\n\t\t\tHet project is ontstaan uit een langgekoesterde wens om de interne logistiek op het zaadveredelingsbedrijf Syngenta uit Enkhuizen te verbeteren. In de huidige situatie werden verkeerssituaties verstoort en geblokkeerd wat vaak tot gevaarlijke situaties leidde.\n\nAnton Civiel en Infra is gevraagd als onderdeel van de verbetering een nieuwe route mogelijk te maken door een duiker in een bestaande watergang aan te brengen en de omliggende terreinverhardingen en inrichtingen aan te passen en aan te brengen. Het resultaat mag er zijn en wij blikken terug op een fijne samenwerking!\t\t<\/div>\n\t<\/div>\n\n\t<footer class=\"card-footer\">\n\t\t\t\t\t<a class=\"btn btn-primary stretched-link\" href=\"https:\/\/antongroep.nl\/civiel-infra\/projecten\/plaatsen-van-duiker-syngenta\/\">Bekijk dit project<\/a>\n\t\t\t\t\n\t<\/footer>\n<\/article>\n\t\t\t\t\t\t\t\t\t\t\t<\/div>\n\t\t\t\t\t\t\t\t\t\t\t\t\t\t\t\t\t\t\t\t\t<div class=\"swiper-slide\">\n\t\t\t\t\t\t\t\t\t\t\t\t<article id=\"project-253\" data-blog_id=\"\" class=\"card card_project_info h-100 post-6 page type-page status-publish has-post-thumbnail hentry\">\n\t<div class=\"card-body\">\n\t\t<h3 class=\"card-title h5\">\n\t\t\t<a class=\"text-reset text-decoration-none\" href=\"https:\/\/antongroep.nl\/civiel-infra\/projecten\/project-sanering-tbv-opwaarden-veetunnel\/\">\n\t\t\t\t<div class=\"card-title-inner\">\n\t\t\t\t\tBodemsanering opwaarderen Veetunnel Kerkrade\t\t\t\t<\/div>\n\t\t\t<\/a>\n\t\t<\/h3>\n\t\t<div class=\"card-text\">\n\t\t\tIn opdracht van onze zusterbedrijf Anton Rail en Infra hebben wij in Kerkrade een sanering uitgevoerd.\t\t<\/div>\n\t<\/div>\n\n\t<footer class=\"card-footer\">\n\t\t\t\t\t<a class=\"btn btn-primary stretched-link\" href=\"https:\/\/antongroep.nl\/civiel-infra\/projecten\/project-sanering-tbv-opwaarden-veetunnel\/\">Bekijk dit project<\/a>\n\t\t\t\t\n\t<\/footer>\n<\/article>\n\t\t\t\t\t\t\t\t\t\t\t<\/div>\n\t\t\t\t\t\t\t\t\t\t\t\t\t\t\t\t\t\t\t\t\t<div class=\"swiper-slide\">\n\t\t\t\t\t\t\t\t\t\t\t\t<article id=\"project-269\" data-blog_id=\"\" class=\"card card_project_info h-100 post-6 page type-page status-publish has-post-thumbnail hentry\">\n\t<div class=\"card-body\">\n\t\t<h3 class=\"card-title h5\">\n\t\t\t<a class=\"text-reset text-decoration-none\" href=\"https:\/\/antongroep.nl\/civiel-infra\/projecten\/vervangen-riool-burgemeester-versteeghsingel-gemeente-edam-volendam\/\">\n\t\t\t\t<div class=\"card-title-inner\">\n\t\t\t\t\tVervangen riool in gemeente Edam Volendam\t\t\t\t<\/div>\n\t\t\t<\/a>\n\t\t<\/h3>\n\t\t<div class=\"card-text\">\n\t\t\tAnton Civiel & Infra heeft de riolering vervangen in een steeg van 250 meter lang.\t\t<\/div>\n\t<\/div>\n\n\t<footer class=\"card-footer\">\n\t\t\t\t\t<a class=\"btn btn-primary stretched-link\" href=\"https:\/\/antongroep.nl\/civiel-infra\/projecten\/vervangen-riool-burgemeester-versteeghsingel-gemeente-edam-volendam\/\">Bekijk dit project<\/a>\n\t\t\t\t\n\t<\/footer>\n<\/article>\n\t\t\t\t\t\t\t\t\t\t\t<\/div>\n\t\t\t\t\t\t\t\t\t\t\t\t\t\t\t\t\t\t\t\t\t<div class=\"swiper-slide\">\n\t\t\t\t\t\t\t\t\t\t\t\t<article id=\"project-133\" data-blog_id=\"\" class=\"card card_project_info h-100 post-6 page type-page status-publish has-post-thumbnail hentry\">\n\t<div class=\"card-body\">\n\t\t<h3 class=\"card-title h5\">\n\t\t\t<a class=\"text-reset text-decoration-none\" href=\"https:\/\/antongroep.nl\/civiel-infra\/projecten\/veertien-bruggen-in-de-gemeente-purmerend-vervangen\/\">\n\t\t\t\t<div class=\"card-title-inner\">\n\t\t\t\t\tVeertien bruggen in de gemeente Purmerend vervangen\t\t\t\t<\/div>\n\t\t\t<\/a>\n\t\t<\/h3>\n\t\t<div class=\"card-text\">\n\t\t\tAnton Civiel & Infra heeft in opdracht van de gemeente Purmerend 14 fiets- en voetgangersbruggen inclusief beschoeiing vervangen. Vanaf november \u201923 zijn de bruggen gefaseerd vervangen. De nieuwe composieten brugdekken zijn in de fabriek van FiberCore gemaakt en vervolgens voorzien van leuningwerk. Het hout van de oude bruggen is door Van den Berg Hardhout B.V. gerecycled.\t\t<\/div>\n\t<\/div>\n\n\t<footer class=\"card-footer\">\n\t\t\t\t\t<a class=\"btn btn-primary stretched-link\" href=\"https:\/\/antongroep.nl\/civiel-infra\/projecten\/veertien-bruggen-in-de-gemeente-purmerend-vervangen\/\">Bekijk dit project<\/a>\n\t\t\t\t\n\t<\/footer>\n<\/article>\n\t\t\t\t\t\t\t\t\t\t\t<\/div>\n\t\t\t\t\t\t\t\t\t\t\t\t\t\t\t\t\t\t\t\t\t<div class=\"swiper-slide\">\n\t\t\t\t\t\t\t\t\t\t\t\t<article id=\"project-274\" data-blog_id=\"\" class=\"card card_project_info h-100 post-6 page type-page status-publish has-post-thumbnail hentry\">\n\t<div class=\"card-body\">\n\t\t<h3 class=\"card-title h5\">\n\t\t\t<a class=\"text-reset text-decoration-none\" href=\"https:\/\/antongroep.nl\/civiel-infra\/projecten\/reparatie-duiker-julianaweg-edammerweg-gemeente-edam-volendam\/\">\n\t\t\t\t<div class=\"card-title-inner\">\n\t\t\t\t\tReparatie duiker\t\t\t\t<\/div>\n\t\t\t<\/a>\n\t\t<\/h3>\n\t\t<div class=\"card-text\">\n\t\t\tAnton Civiel &#038; Infra heeft een duiker gerepareerd zonder dat de weg opengebroken hoefde te worden.\t\t<\/div>\n\t<\/div>\n\n\t<footer class=\"card-footer\">\n\t\t\t\t\t<a class=\"btn btn-primary stretched-link\" href=\"https:\/\/antongroep.nl\/civiel-infra\/projecten\/reparatie-duiker-julianaweg-edammerweg-gemeente-edam-volendam\/\">Bekijk dit project<\/a>\n\t\t\t\t\n\t<\/footer>\n<\/article>\n\t\t\t\t\t\t\t\t\t\t\t<\/div>\n\t\t\t\t\t\t\t\t\t\t\t\t\t\t\t\t\t\t\t\t\t<div class=\"swiper-slide\">\n\t\t\t\t\t\t\t\t\t\t\t\t<article id=\"project-272\" data-blog_id=\"\" class=\"card card_project_info h-100 post-6 page type-page status-publish has-post-thumbnail hentry\">\n\t<div class=\"card-body\">\n\t\t<h3 class=\"card-title h5\">\n\t\t\t<a class=\"text-reset text-decoration-none\" href=\"https:\/\/antongroep.nl\/civiel-infra\/projecten\/verwijderen-dassenburcht-in-voerendaal\/\">\n\t\t\t\t<div class=\"card-title-inner\">\n\t\t\t\t\tVerwijderen Dassenburcht\t\t\t\t<\/div>\n\t\t\t<\/a>\n\t\t<\/h3>\n\t\t<div class=\"card-text\">\n\t\t\tIn opdracht van ProRail is een dassenburcht nabij het station Voerendaal ontdekt te samen met een spoorverzakking. Anton Civiel & Infra heeft geholpen met het veilig verwijderen van de burcht.\t\t<\/div>\n\t<\/div>\n\n\t<footer class=\"card-footer\">\n\t\t\t\t\t<a class=\"btn btn-primary stretched-link\" href=\"https:\/\/antongroep.nl\/civiel-infra\/projecten\/verwijderen-dassenburcht-in-voerendaal\/\">Bekijk dit project<\/a>\n\t\t\t\t\n\t<\/footer>\n<\/article>\n\t\t\t\t\t\t\t\t\t\t\t<\/div>\n\t\t\t\t\t\t\t\t\t\t\t\t\t\t\t\t\t\t\t\t\t<div class=\"swiper-slide\">\n\t\t\t\t\t\t\t\t\t\t\t\t<article id=\"project-259\" data-blog_id=\"\" class=\"card card_project_info h-100 post-6 page type-page status-publish has-post-thumbnail hentry\">\n\t<div class=\"card-body\">\n\t\t<h3 class=\"card-title h5\">\n\t\t\t<a class=\"text-reset text-decoration-none\" href=\"https:\/\/antongroep.nl\/civiel-infra\/projecten\/vervangen-damwand-duikerbruggen-gemeente-purmerend\/\">\n\t\t\t\t<div class=\"card-title-inner\">\n\t\t\t\t\tVervangen damwand duikerbruggen gemeente purmerend\t\t\t\t<\/div>\n\t\t\t<\/a>\n\t\t<\/h3>\n\t\t<div class=\"card-text\">\n\t\t\tDoor de gemeente Purmerend is Anton Civiel en Infra gevraagd de kadeconstructies te vervangen van duikerbruggen. Na inspectie bleek veroudering onomkeerbaar te zijn. In totaal betrof dit ca. 225 m1 verdeeld over een zestal locaties in Purmerend Zuid.\t\t<\/div>\n\t<\/div>\n\n\t<footer class=\"card-footer\">\n\t\t\t\t\t<a class=\"btn btn-primary stretched-link\" href=\"https:\/\/antongroep.nl\/civiel-infra\/projecten\/vervangen-damwand-duikerbruggen-gemeente-purmerend\/\">Bekijk dit project<\/a>\n\t\t\t\t\n\t<\/footer>\n<\/article>\n\t\t\t\t\t\t\t\t\t\t\t<\/div>\n\t\t\t\t\t\t\t\t\t\t\t\t\t\t\t\t\t\t\t\t\t<div class=\"swiper-slide\">\n\t\t\t\t\t\t\t\t\t\t\t\t<article id=\"project-101\" data-blog_id=\"\" class=\"card card_project_info h-100 post-6 page type-page status-publish has-post-thumbnail hentry\">\n\t<div class=\"card-body\">\n\t\t<h3 class=\"card-title h5\">\n\t\t\t<a class=\"text-reset text-decoration-none\" href=\"https:\/\/antongroep.nl\/civiel-infra\/projecten\/acht-bruggen-vervangen-in-schagen\/\">\n\t\t\t\t<div class=\"card-title-inner\">\n\t\t\t\t\tAcht bruggen vervangen in Schagen\t\t\t\t<\/div>\n\t\t\t<\/a>\n\t\t<\/h3>\n\t\t<div class=\"card-text\">\n\t\t\tVoor gemeente Schagen heeft Anton Civiel & Infra samen met Anton Bouw & Betontechniek acht bruggen vervangen. Het gaat om bruggen die al langere tijd op de nominatie staan om vervangen te worden en bestaan zowel uit fiets- en voetgangersbruggen als verkeersbruggen geschikt voor 60 ton.\t\t<\/div>\n\t<\/div>\n\n\t<footer class=\"card-footer\">\n\t\t\t\t\t<a class=\"btn btn-primary stretched-link\" href=\"https:\/\/antongroep.nl\/civiel-infra\/projecten\/acht-bruggen-vervangen-in-schagen\/\">Bekijk dit project<\/a>\n\t\t\t\t\n\t<\/footer>\n<\/article>\n\t\t\t\t\t\t\t\t\t\t\t<\/div>\n\t\t\t\t\t\t\t\t\t\t\t\t\t\t\t\t\t\t\t\t\t<div class=\"swiper-slide\">\n\t\t\t\t\t\t\t\t\t\t\t\t<article id=\"project-210\" data-blog_id=\"\" class=\"card card_project_info h-100 post-6 page type-page status-publish has-post-thumbnail hentry\">\n\t<div class=\"card-body\">\n\t\t<h3 class=\"card-title h5\">\n\t\t\t<a class=\"text-reset text-decoration-none\" href=\"https:\/\/antongroep.nl\/civiel-infra\/projecten\/bouwrijp-maken-tuinders-weijde-gemeente-koggenland\/\">\n\t\t\t\t<div class=\"card-title-inner\">\n\t\t\t\t\tBouwrijp maken Tuinders Weijde gemeente Koggenland\t\t\t\t<\/div>\n\t\t\t<\/a>\n\t\t<\/h3>\n\t\t<div class=\"card-text\">\n\t\t\tAnton Civiel & Infra is in opdracht van gemeente Koggenland gestart met het bouwrijp maken van fase 1 van het plan Tuinders Weijde in Obdam.\t\t<\/div>\n\t<\/div>\n\n\t<footer class=\"card-footer\">\n\t\t\t\t\t<a class=\"btn btn-primary stretched-link\" href=\"https:\/\/antongroep.nl\/civiel-infra\/projecten\/bouwrijp-maken-tuinders-weijde-gemeente-koggenland\/\">Bekijk dit project<\/a>\n\t\t\t\t\n\t<\/footer>\n<\/article>\n\t\t\t\t\t\t\t\t\t\t\t<\/div>\n\t\t\t\t\t\t\t\t\t\t\t\t\t\t\t\t\t\t\t<\/div>\n\t\t\t\t\t\t\t\t\t<div class=\"swiper-controls\">\n\t\t\t\t\t\t\t\t\t\t<div class=\"swiper-button-prev\"><\/div><div class=\"swiper-button-next\"><\/div>\t\t\t\t\t\t\t\t\t<\/div>\n\t\t\t\t\t\t\t\t<\/div>\n\t\t\t\t\t\t\t<\/div>\n\t\t\t\t\t<\/div>\n\t\t\t\t\t\t\t\t<\/div>\n\t\t\t<\/div>\n\n\t\t\t<div class=\"col-12 col-lg-8 col_images\">\n\t\t\t\t\t<div class=\"swiper-container swiper-container-images\">\n\t\t\t\t\t\t<div id=\"swiper-25-2\" class=\"swiper swiper-split-images\">\n\t\t\t\t\t\t\t<div class=\"swiper-wrapper\">\n\t\t\t\t\t\t\t\t\t\t\t\t\t\t\t\t\t\t\t\t\t\t\t\t\t<div class=\"swiper-slide\">\n\t\t\t\t\t\t\t\t\t\t<article id=\"project-207\" data-blog_id=\"\" class=\"card card_project_image bg-body-secondary h-100 post-6 page type-page status-publish has-post-thumbnail hentry\">\n\t\t<a href=\"https:\/\/antongroep.nl\/civiel-infra\/projecten\/rioolreconstructie-gemeente-edam-volendam\/\">\n\t\t<img decoding=\"async\" width=\"1024\" height=\"658\" src=\"https:\/\/antongroep.nl\/civiel-infra\/wp-content\/uploads\/sites\/4\/2025\/10\/IMG_5380-graafmachine-1024x658.jpg\" class=\"bg-body-secondary card-img-top img-fluid wp-post-image\" alt=\"\" srcset=\"https:\/\/antongroep.nl\/civiel-infra\/wp-content\/uploads\/sites\/4\/2025\/10\/IMG_5380-graafmachine-1024x658.jpg 1024w, https:\/\/antongroep.nl\/civiel-infra\/wp-content\/uploads\/sites\/4\/2025\/10\/IMG_5380-graafmachine-300x193.jpg 300w, https:\/\/antongroep.nl\/civiel-infra\/wp-content\/uploads\/sites\/4\/2025\/10\/IMG_5380-graafmachine-768x493.jpg 768w, https:\/\/antongroep.nl\/civiel-infra\/wp-content\/uploads\/sites\/4\/2025\/10\/IMG_5380-graafmachine-1536x987.jpg 1536w, https:\/\/antongroep.nl\/civiel-infra\/wp-content\/uploads\/sites\/4\/2025\/10\/IMG_5380-graafmachine-2048x1316.jpg 2048w\" sizes=\"(max-width: 1024px) 100vw, 1024px\" \/>\t<\/a>\n\n\t<div class=\"card-img-overlay\">\n\t\t<div class=\"card-title\">\n\t\t\tRioolreconstructie Blokgouw Edam-Volendam\t\t<\/div>\n\t<\/div>\n<\/article>\n\t\t\t\t\t\t\t\t\t<\/div>\n\n\t\t\t\t\t\t\t\t\t\t\t\t\t\t\t\t\t\t\t\t\t\t\t\t\t\t<div class=\"swiper-slide\">\n\t\t\t\t\t\t\t\t\t\t<article id=\"project-135\" data-blog_id=\"\" class=\"card card_project_image bg-body-secondary h-100 post-6 page type-page status-publish has-post-thumbnail hentry\">\n\t\t<a href=\"https:\/\/antongroep.nl\/civiel-infra\/projecten\/plaatsen-van-duiker-syngenta\/\">\n\t\t<img decoding=\"async\" width=\"1024\" height=\"768\" src=\"https:\/\/antongroep.nl\/civiel-infra\/wp-content\/uploads\/sites\/4\/2024\/05\/image00001-1024x768.jpg\" class=\"bg-body-secondary card-img-top img-fluid wp-post-image\" alt=\"\" srcset=\"https:\/\/antongroep.nl\/civiel-infra\/wp-content\/uploads\/sites\/4\/2024\/05\/image00001-1024x768.jpg 1024w, https:\/\/antongroep.nl\/civiel-infra\/wp-content\/uploads\/sites\/4\/2024\/05\/image00001-300x225.jpg 300w, https:\/\/antongroep.nl\/civiel-infra\/wp-content\/uploads\/sites\/4\/2024\/05\/image00001-768x576.jpg 768w, https:\/\/antongroep.nl\/civiel-infra\/wp-content\/uploads\/sites\/4\/2024\/05\/image00001-1536x1152.jpg 1536w, https:\/\/antongroep.nl\/civiel-infra\/wp-content\/uploads\/sites\/4\/2024\/05\/image00001-2048x1536.jpg 2048w\" sizes=\"(max-width: 1024px) 100vw, 1024px\" \/>\t<\/a>\n\n\t<div class=\"card-img-overlay\">\n\t\t<div class=\"card-title\">\n\t\t\tPlaatsen van Duiker Syngenta\t\t<\/div>\n\t<\/div>\n<\/article>\n\t\t\t\t\t\t\t\t\t<\/div>\n\n\t\t\t\t\t\t\t\t\t\t\t\t\t\t\t\t\t\t\t\t\t\t\t\t\t\t<div class=\"swiper-slide\">\n\t\t\t\t\t\t\t\t\t\t<article id=\"project-253\" data-blog_id=\"\" class=\"card card_project_image bg-body-secondary h-100 post-6 page type-page status-publish has-post-thumbnail hentry\">\n\t\t<a href=\"https:\/\/antongroep.nl\/civiel-infra\/projecten\/project-sanering-tbv-opwaarden-veetunnel\/\">\n\t\t<img decoding=\"async\" width=\"1024\" height=\"576\" src=\"https:\/\/antongroep.nl\/civiel-infra\/wp-content\/uploads\/sites\/4\/2024\/06\/66bde0cb-55aa-4610-828b-072142f510f1-1024x576.jpg\" class=\"bg-body-secondary card-img-top img-fluid wp-post-image\" alt=\"\" srcset=\"https:\/\/antongroep.nl\/civiel-infra\/wp-content\/uploads\/sites\/4\/2024\/06\/66bde0cb-55aa-4610-828b-072142f510f1-1024x576.jpg 1024w, https:\/\/antongroep.nl\/civiel-infra\/wp-content\/uploads\/sites\/4\/2024\/06\/66bde0cb-55aa-4610-828b-072142f510f1-300x169.jpg 300w, https:\/\/antongroep.nl\/civiel-infra\/wp-content\/uploads\/sites\/4\/2024\/06\/66bde0cb-55aa-4610-828b-072142f510f1-768x432.jpg 768w, https:\/\/antongroep.nl\/civiel-infra\/wp-content\/uploads\/sites\/4\/2024\/06\/66bde0cb-55aa-4610-828b-072142f510f1-1536x864.jpg 1536w, https:\/\/antongroep.nl\/civiel-infra\/wp-content\/uploads\/sites\/4\/2024\/06\/66bde0cb-55aa-4610-828b-072142f510f1-1920x1080.jpg 1920w, https:\/\/antongroep.nl\/civiel-infra\/wp-content\/uploads\/sites\/4\/2024\/06\/66bde0cb-55aa-4610-828b-072142f510f1.jpg 1600w\" sizes=\"(max-width: 1024px) 100vw, 1024px\" \/>\t<\/a>\n\n\t<div class=\"card-img-overlay\">\n\t\t<div class=\"card-title\">\n\t\t\tBodemsanering opwaarderen Veetunnel Kerkrade\t\t<\/div>\n\t<\/div>\n<\/article>\n\t\t\t\t\t\t\t\t\t<\/div>\n\n\t\t\t\t\t\t\t\t\t\t\t\t\t\t\t\t\t\t\t\t\t\t\t\t\t\t<div class=\"swiper-slide\">\n\t\t\t\t\t\t\t\t\t\t<article id=\"project-269\" data-blog_id=\"\" class=\"card card_project_image bg-body-secondary h-100 post-6 page type-page status-publish has-post-thumbnail hentry\">\n\t\t<a href=\"https:\/\/antongroep.nl\/civiel-infra\/projecten\/vervangen-riool-burgemeester-versteeghsingel-gemeente-edam-volendam\/\">\n\t\t<img decoding=\"async\" width=\"1024\" height=\"768\" src=\"https:\/\/antongroep.nl\/civiel-infra\/wp-content\/uploads\/sites\/4\/2024\/06\/Nieuw-aangelegd-riool-klein-1024x768.jpg\" class=\"bg-body-secondary card-img-top img-fluid wp-post-image\" alt=\"\" srcset=\"https:\/\/antongroep.nl\/civiel-infra\/wp-content\/uploads\/sites\/4\/2024\/06\/Nieuw-aangelegd-riool-klein-1024x768.jpg 1024w, https:\/\/antongroep.nl\/civiel-infra\/wp-content\/uploads\/sites\/4\/2024\/06\/Nieuw-aangelegd-riool-klein-300x225.jpg 300w, https:\/\/antongroep.nl\/civiel-infra\/wp-content\/uploads\/sites\/4\/2024\/06\/Nieuw-aangelegd-riool-klein-768x576.jpg 768w, https:\/\/antongroep.nl\/civiel-infra\/wp-content\/uploads\/sites\/4\/2024\/06\/Nieuw-aangelegd-riool-klein.jpg 1067w\" sizes=\"(max-width: 1024px) 100vw, 1024px\" \/>\t<\/a>\n\n\t<div class=\"card-img-overlay\">\n\t\t<div class=\"card-title\">\n\t\t\tVervangen riool in gemeente Edam Volendam\t\t<\/div>\n\t<\/div>\n<\/article>\n\t\t\t\t\t\t\t\t\t<\/div>\n\n\t\t\t\t\t\t\t\t\t\t\t\t\t\t\t\t\t\t\t\t\t\t\t\t\t\t<div class=\"swiper-slide\">\n\t\t\t\t\t\t\t\t\t\t<article id=\"project-133\" data-blog_id=\"\" class=\"card card_project_image bg-body-secondary h-100 post-6 page type-page status-publish has-post-thumbnail hentry\">\n\t\t<a href=\"https:\/\/antongroep.nl\/civiel-infra\/projecten\/veertien-bruggen-in-de-gemeente-purmerend-vervangen\/\">\n\t\t<img decoding=\"async\" width=\"1024\" height=\"683\" src=\"https:\/\/antongroep.nl\/civiel-infra\/wp-content\/uploads\/sites\/4\/2024\/05\/IMG_4859-Middel-1024x683.jpg\" class=\"bg-body-secondary card-img-top img-fluid wp-post-image\" alt=\"\" srcset=\"https:\/\/antongroep.nl\/civiel-infra\/wp-content\/uploads\/sites\/4\/2024\/05\/IMG_4859-Middel-1024x683.jpg 1024w, https:\/\/antongroep.nl\/civiel-infra\/wp-content\/uploads\/sites\/4\/2024\/05\/IMG_4859-Middel-300x200.jpg 300w, https:\/\/antongroep.nl\/civiel-infra\/wp-content\/uploads\/sites\/4\/2024\/05\/IMG_4859-Middel-768x512.jpg 768w, https:\/\/antongroep.nl\/civiel-infra\/wp-content\/uploads\/sites\/4\/2024\/05\/IMG_4859-Middel.jpg 1152w\" sizes=\"(max-width: 1024px) 100vw, 1024px\" \/>\t<\/a>\n\n\t<div class=\"card-img-overlay\">\n\t\t<div class=\"card-title\">\n\t\t\tVeertien bruggen in de gemeente Purmerend vervangen\t\t<\/div>\n\t<\/div>\n<\/article>\n\t\t\t\t\t\t\t\t\t<\/div>\n\n\t\t\t\t\t\t\t\t\t\t\t\t\t\t\t\t\t\t\t\t\t\t\t\t\t\t<div class=\"swiper-slide\">\n\t\t\t\t\t\t\t\t\t\t<article id=\"project-274\" data-blog_id=\"\" class=\"card card_project_image bg-body-secondary h-100 post-6 page type-page status-publish has-post-thumbnail hentry\">\n\t\t<a href=\"https:\/\/antongroep.nl\/civiel-infra\/projecten\/reparatie-duiker-julianaweg-edammerweg-gemeente-edam-volendam\/\">\n\t\t<img decoding=\"async\" width=\"1024\" height=\"768\" src=\"https:\/\/antongroep.nl\/civiel-infra\/wp-content\/uploads\/sites\/4\/2024\/06\/06d7776c-e172-43b7-8e7f-fed8a44e6698-1024x768.jpg\" class=\"bg-body-secondary card-img-top img-fluid wp-post-image\" alt=\"\" srcset=\"https:\/\/antongroep.nl\/civiel-infra\/wp-content\/uploads\/sites\/4\/2024\/06\/06d7776c-e172-43b7-8e7f-fed8a44e6698-1024x768.jpg 1024w, https:\/\/antongroep.nl\/civiel-infra\/wp-content\/uploads\/sites\/4\/2024\/06\/06d7776c-e172-43b7-8e7f-fed8a44e6698-300x225.jpg 300w, https:\/\/antongroep.nl\/civiel-infra\/wp-content\/uploads\/sites\/4\/2024\/06\/06d7776c-e172-43b7-8e7f-fed8a44e6698-768x576.jpg 768w, https:\/\/antongroep.nl\/civiel-infra\/wp-content\/uploads\/sites\/4\/2024\/06\/06d7776c-e172-43b7-8e7f-fed8a44e6698-1536x1152.jpg 1536w, https:\/\/antongroep.nl\/civiel-infra\/wp-content\/uploads\/sites\/4\/2024\/06\/06d7776c-e172-43b7-8e7f-fed8a44e6698.jpg 2048w\" sizes=\"(max-width: 1024px) 100vw, 1024px\" \/>\t<\/a>\n\n\t<div class=\"card-img-overlay\">\n\t\t<div class=\"card-title\">\n\t\t\tReparatie duiker\t\t<\/div>\n\t<\/div>\n<\/article>\n\t\t\t\t\t\t\t\t\t<\/div>\n\n\t\t\t\t\t\t\t\t\t\t\t\t\t\t\t\t\t\t\t\t\t\t\t\t\t\t<div class=\"swiper-slide\">\n\t\t\t\t\t\t\t\t\t\t<article id=\"project-272\" data-blog_id=\"\" class=\"card card_project_image bg-body-secondary h-100 post-6 page type-page status-publish has-post-thumbnail hentry\">\n\t\t<a href=\"https:\/\/antongroep.nl\/civiel-infra\/projecten\/verwijderen-dassenburcht-in-voerendaal\/\">\n\t\t<img decoding=\"async\" width=\"1024\" height=\"768\" src=\"https:\/\/antongroep.nl\/civiel-infra\/wp-content\/uploads\/sites\/4\/2024\/06\/IMG_4320a-1024x768.jpg\" class=\"bg-body-secondary card-img-top img-fluid wp-post-image\" alt=\"\" srcset=\"https:\/\/antongroep.nl\/civiel-infra\/wp-content\/uploads\/sites\/4\/2024\/06\/IMG_4320a-1024x768.jpg 1024w, https:\/\/antongroep.nl\/civiel-infra\/wp-content\/uploads\/sites\/4\/2024\/06\/IMG_4320a-300x225.jpg 300w, https:\/\/antongroep.nl\/civiel-infra\/wp-content\/uploads\/sites\/4\/2024\/06\/IMG_4320a-768x576.jpg 768w, https:\/\/antongroep.nl\/civiel-infra\/wp-content\/uploads\/sites\/4\/2024\/06\/IMG_4320a.jpg 1500w\" sizes=\"(max-width: 1024px) 100vw, 1024px\" \/>\t<\/a>\n\n\t<div class=\"card-img-overlay\">\n\t\t<div class=\"card-title\">\n\t\t\tVerwijderen Dassenburcht\t\t<\/div>\n\t<\/div>\n<\/article>\n\t\t\t\t\t\t\t\t\t<\/div>\n\n\t\t\t\t\t\t\t\t\t\t\t\t\t\t\t\t\t\t\t\t\t\t\t\t\t\t<div class=\"swiper-slide\">\n\t\t\t\t\t\t\t\t\t\t<article id=\"project-259\" data-blog_id=\"\" class=\"card card_project_image bg-body-secondary h-100 post-6 page type-page status-publish has-post-thumbnail hentry\">\n\t\t<a href=\"https:\/\/antongroep.nl\/civiel-infra\/projecten\/vervangen-damwand-duikerbruggen-gemeente-purmerend\/\">\n\t\t<img decoding=\"async\" width=\"480\" height=\"361\" src=\"https:\/\/antongroep.nl\/civiel-infra\/wp-content\/uploads\/sites\/4\/2024\/06\/3-e1721658096816.jpg\" class=\"bg-body-secondary card-img-top img-fluid wp-post-image\" alt=\"\" srcset=\"https:\/\/antongroep.nl\/civiel-infra\/wp-content\/uploads\/sites\/4\/2024\/06\/3-e1721658096816.jpg 480w, https:\/\/antongroep.nl\/civiel-infra\/wp-content\/uploads\/sites\/4\/2024\/06\/3-e1721658096816-300x226.jpg 300w\" sizes=\"(max-width: 480px) 100vw, 480px\" \/>\t<\/a>\n\n\t<div class=\"card-img-overlay\">\n\t\t<div class=\"card-title\">\n\t\t\tVervangen damwand duikerbruggen gemeente purmerend\t\t<\/div>\n\t<\/div>\n<\/article>\n\t\t\t\t\t\t\t\t\t<\/div>\n\n\t\t\t\t\t\t\t\t\t\t\t\t\t\t\t\t\t\t\t\t\t\t\t\t\t\t<div class=\"swiper-slide\">\n\t\t\t\t\t\t\t\t\t\t<article id=\"project-101\" data-blog_id=\"\" class=\"card card_project_image bg-body-secondary h-100 post-6 page type-page status-publish has-post-thumbnail hentry\">\n\t\t<a href=\"https:\/\/antongroep.nl\/civiel-infra\/projecten\/acht-bruggen-vervangen-in-schagen\/\">\n\t\t<img decoding=\"async\" width=\"1024\" height=\"714\" src=\"https:\/\/antongroep.nl\/civiel-infra\/wp-content\/uploads\/sites\/4\/2024\/05\/IMG_4582a-Middel-1024x714.jpg\" class=\"bg-body-secondary card-img-top img-fluid wp-post-image\" alt=\"\" srcset=\"https:\/\/antongroep.nl\/civiel-infra\/wp-content\/uploads\/sites\/4\/2024\/05\/IMG_4582a-Middel-1024x714.jpg 1024w, https:\/\/antongroep.nl\/civiel-infra\/wp-content\/uploads\/sites\/4\/2024\/05\/IMG_4582a-Middel-300x209.jpg 300w, https:\/\/antongroep.nl\/civiel-infra\/wp-content\/uploads\/sites\/4\/2024\/05\/IMG_4582a-Middel-768x535.jpg 768w, https:\/\/antongroep.nl\/civiel-infra\/wp-content\/uploads\/sites\/4\/2024\/05\/IMG_4582a-Middel.jpg 1102w\" sizes=\"(max-width: 1024px) 100vw, 1024px\" \/>\t<\/a>\n\n\t<div class=\"card-img-overlay\">\n\t\t<div class=\"card-title\">\n\t\t\tAcht bruggen vervangen in Schagen\t\t<\/div>\n\t<\/div>\n<\/article>\n\t\t\t\t\t\t\t\t\t<\/div>\n\n\t\t\t\t\t\t\t\t\t\t\t\t\t\t\t\t\t\t\t\t\t\t\t\t\t\t<div class=\"swiper-slide\">\n\t\t\t\t\t\t\t\t\t\t<article id=\"project-210\" data-blog_id=\"\" class=\"card card_project_image bg-body-secondary h-100 post-6 page type-page status-publish has-post-thumbnail hentry\">\n\t\t<a href=\"https:\/\/antongroep.nl\/civiel-infra\/projecten\/bouwrijp-maken-tuinders-weijde-gemeente-koggenland\/\">\n\t\t<img decoding=\"async\" width=\"1024\" height=\"683\" src=\"https:\/\/antongroep.nl\/civiel-infra\/wp-content\/uploads\/sites\/4\/2024\/05\/IMG_3956a-Middel-1024x683.jpg\" class=\"bg-body-secondary card-img-top img-fluid wp-post-image\" alt=\"\" srcset=\"https:\/\/antongroep.nl\/civiel-infra\/wp-content\/uploads\/sites\/4\/2024\/05\/IMG_3956a-Middel-1024x683.jpg 1024w, https:\/\/antongroep.nl\/civiel-infra\/wp-content\/uploads\/sites\/4\/2024\/05\/IMG_3956a-Middel-300x200.jpg 300w, https:\/\/antongroep.nl\/civiel-infra\/wp-content\/uploads\/sites\/4\/2024\/05\/IMG_3956a-Middel-768x512.jpg 768w, https:\/\/antongroep.nl\/civiel-infra\/wp-content\/uploads\/sites\/4\/2024\/05\/IMG_3956a-Middel.jpg 1152w\" sizes=\"(max-width: 1024px) 100vw, 1024px\" \/>\t<\/a>\n\n\t<div class=\"card-img-overlay\">\n\t\t<div class=\"card-title\">\n\t\t\tBouwrijp maken Tuinders Weijde gemeente Koggenland\t\t<\/div>\n\t<\/div>\n<\/article>\n\t\t\t\t\t\t\t\t\t<\/div>\n\n\t\t\t\t\t\t\t\t\t\t\t\t\t\t\t\t\t\t\t\t\t\t\t\t<\/div>\n\t\t\t\t\t\t<\/div>\n\t\t\t\t\t<\/div>\n\t\t\t\t\t\t\t<\/div>\n\t\t<\/div>\n\t<\/div>\n\n<!--\t<div class=\"container d-lg-none\">-->\n<!--\t\t--><!--\t\t\t<div class=\"swiper-container\">-->\n<!--\t\t\t\t<div id=\"--><!--\" class=\"swiper swiper-projects swiper-overflow\">-->\n<!--\t\t\t\t\t<div class=\"swiper-wrapper\">-->\n<!--\t\t\t\t\t\t--><!--\t\t\t\t\t\t--><!--\t\t\t\t\t\t\t<div class=\"swiper-slide\">-->\n<!--\t\t\t\t\t\t\t\t--><!--\t\t\t\t\t\t\t\t--><!--\t\t\t\t\t\t\t<\/div>-->\n<!---->\n<!--\t\t\t\t\t\t\t--><!--\t\t\t\t\t\t--><!--\t\t\t\t\t<\/div>-->\n<!---->\n<!--\t\t\t\t\t<div class=\"swiper-controls\">-->\n<!--\t\t\t\t\t\t--><!--\t\t\t\t\t<\/div>-->\n<!--\t\t\t\t<\/div>-->\n<!--\t\t\t<\/div>-->\n<!--\t\t--><!--\t<\/div>-->\n\n\t<div class=\"container container-narrow-2\"><div class=\"section-buttons\"><a href=\"https:\/\/antongroep.nl\/civiel-infra\/projecten\/\" class=\"btn btn-link\" title=\"Projecten\">Bekijk alle projecten<span class=\"icon icon-right fas fa-arrow-right\"><\/span><\/a><\/div><\/div><\/section>\n\n\n\n<section  class=\"section section_text animate variant_simple align_text_left bg-dark overlay_dark_subtle has-custom-color text-white has-custom-bg parallax-vertical has_bg\"  style=\"background-image: url(https:\/\/antongroep.nl\/civiel-infra\/wp-content\/uploads\/sites\/4\/2024\/04\/Home-Anton-Groep-01.jpg); background-position: 50% 50%;\">\n\t<img decoding=\"async\" width=\"2400\" height=\"1600\" src=\"https:\/\/antongroep.nl\/civiel-infra\/wp-content\/uploads\/sites\/4\/2024\/04\/Home-Anton-Groep-01.jpg\" class=\"section-bg img-fluid parallax-vertical-element\" alt=\"\" srcset=\"https:\/\/antongroep.nl\/civiel-infra\/wp-content\/uploads\/sites\/4\/2024\/04\/Home-Anton-Groep-01.jpg 2400w, https:\/\/antongroep.nl\/civiel-infra\/wp-content\/uploads\/sites\/4\/2024\/04\/Home-Anton-Groep-01-300x200.jpg 300w, https:\/\/antongroep.nl\/civiel-infra\/wp-content\/uploads\/sites\/4\/2024\/04\/Home-Anton-Groep-01-768x512.jpg 768w, https:\/\/antongroep.nl\/civiel-infra\/wp-content\/uploads\/sites\/4\/2024\/04\/Home-Anton-Groep-01-1024x683.jpg 1024w, https:\/\/antongroep.nl\/civiel-infra\/wp-content\/uploads\/sites\/4\/2024\/04\/Home-Anton-Groep-01-1536x1024.jpg 1536w, https:\/\/antongroep.nl\/civiel-infra\/wp-content\/uploads\/sites\/4\/2024\/04\/Home-Anton-Groep-01-2048x1365.jpg 2048w\" sizes=\"(max-width: 2400px) 100vw, 2400px\" \/>\t<div class=\"container\">\n\t\t<div class=\"section-inner\">\n\n\t\t\t<div class=\"row gx-4 gx-xl-5 gx-xxl-6 align-items-center\">\n\t\t\t\t<div class=\"col-12 col-lg-6 col_media mx-auto mb-3 mb-md-0\">\n\t\t\t\t\t\t\t\t\t\t\t\t\t\t<\/div>\n\n\t\t\t\t\n\t\t\t\t<div class=\"col-12 col-lg-6 col_text mx-auto d-flex align-items-center\">\n\t\t\t\t\t<div class=\"section-body w-100\">\n\t\t\t\t\t\t<div class=\"section-body-inner\">\n\t\t\t\t\t\t\t<h2 class=\"section-title\">Een werkplek met ruimte voor <em>groei en ambities <\/em><\/h2>\n\n\t\t\t\t\t\t\t<div class=\"section-text\"><p>Wij zijn een onderdeel van de Anton Groep: een lekker nuchter Noord-Hollands bouwbedrijf uit Obdam. Wij staan voor hard werken, gezelligheid, innovatie en teamspirit. De Anton Groep bestaat momenteel uit zo\u2019n 200 collega\u2019s, allemaal vakspecialist (in wording) op hun gebied. Met z\u2019n allen hebben we als doel om samen mooie projecten te bouwen waar we trots op kunnen zijn.<\/p>\n<\/div>\n\n\t\t\t\t\t\t\t\n\t\t\t\t\t\t\t\t<div class=\"section-buttons\">\n\t\t\t\t\t\t\t\t\t<a href=\"https:\/\/antongroep.nl\/vacatures\/\" class=\"btn btn-primary\" target=\"_blank\"><span class=\"btn-inner\">Bekijk onze vacatures<\/span><\/a><a href=\"mailto:vacatures@antongroep.nl\" class=\"btn btn-outline-white\"><span class=\"btn-inner\">Stuur een e-mail<\/span><\/a><a href=\"tel:0031226454090\" class=\"btn btn-outline-white\"><span class=\"btn-inner\">Bel ons<\/span><\/a>\t\t\t\t\t\t\t\t<\/div>\n\t\t\t\t\t\t\t\t\t\t\t\t\t<\/div>\n\t\t\t\t\t<\/div>\n\t\t\t\t<\/div>\n\t\t\t<\/div>\n\n\t\t<\/div>\n\t<\/div>\n<\/section>\n\n\n<section  class=\"section section_text animate variant_block-1 align_text_left\" >\n\t\t<div class=\"container\">\n\t\t<div class=\"section-inner\">\n\n\t\t\t<div class=\"row gx-4 gx-xl-5 gx-xxl-6 align-items-center\">\n\t\t\t\t<div class=\"col-12 col-lg-6 col_media mx-auto mb-3 mb-md-0\">\n\t\t\t\t\t\t\t\t\t\t<img decoding=\"async\" width=\"700\" height=\"300\" src=\"https:\/\/antongroep.nl\/civiel-infra\/wp-content\/uploads\/sites\/4\/2024\/07\/Anton-Groep-VAST-700x300.jpg\" class=\"section-img img-fluid rounded\" alt=\"\" srcset=\"https:\/\/antongroep.nl\/civiel-infra\/wp-content\/uploads\/sites\/4\/2024\/07\/Anton-Groep-VAST-700x300.jpg 700w, https:\/\/antongroep.nl\/civiel-infra\/wp-content\/uploads\/sites\/4\/2024\/07\/Anton-Groep-VAST-1400x600.jpg 1400w\" sizes=\"(max-width: 700px) 100vw, 700px\" \/>\t\t\t\t<\/div>\n\n\t\t\t\t\n\t\t\t\t<div class=\"col-12 col-lg-6 col_text mx-auto d-flex align-items-center\">\n\t\t\t\t\t<div class=\"section-body w-100\">\n\t\t\t\t\t\t<div class=\"section-body-inner\">\n\t\t\t\t\t\t\t<h2 class=\"section-title\">Veiligheid op de <em>eerste plaats<\/em><\/h2>\n\n\t\t\t\t\t\t\t<div class=\"section-text\"><p>Veiligheid staat op de eerste plaats en is van het grootste belang. Aan het einde van elke werkdag is het ons doel om veilig en gezond terug naar huis te keren. Dit is iets wat we allemaal nastreven, nietwaar?<\/p>\n<p>Voordat we gezamenlijk aan het bouwproces beginnen, doorlopen we een grondige startwerkinstructie. Doordat de realiteit er soms anders uitziet, is het van groot belang dat we altijd samen blijven kijken en nadenken. Bij de Anton Groep hanteren we het VAST-principe, wat staat voor \u201cVeiligheid Altijd Samen Toetsen\u201d.<\/p>\n<p>Maak jij hierin het verschil?<\/p>\n<\/div>\n\n\t\t\t\t\t\t\t\n\t\t\t\t\t\t\t\t<div class=\"section-buttons\">\n\t\t\t\t\t\t\t\t\t<a href=\"https:\/\/antongroep.nl\/vast\/\" class=\"btn btn-black\" target=\"_blank\" title=\"Veiligheid altijd samen toetsen (VAST)\"><span class=\"btn-inner\">Lees meer over VAST<\/span><\/a>\t\t\t\t\t\t\t\t<\/div>\n\t\t\t\t\t\t\t\t\t\t\t\t\t<\/div>\n\t\t\t\t\t<\/div>\n\t\t\t\t<\/div>\n\t\t\t<\/div>\n\n\t\t<\/div>\n\t<\/div>\n<\/section>\n\n\n<section  class=\"section section_text animate variant_simple align_left align_text_left\" >\n\t\t<div class=\"container\">\n\t\t<div class=\"section-inner\">\n\n\t\t\t<div class=\"row gx-4 gx-xl-5 gx-xxl-6 align-items-center\">\n\t\t\t\t<div class=\"col-12 col-lg-6 col_media mx-auto mb-3 mb-md-0 order-md-2\">\n\t\t\t\t\t\t\t\t\t\t<img decoding=\"async\" width=\"1536\" height=\"1024\" src=\"https:\/\/antongroep.nl\/civiel-infra\/wp-content\/uploads\/sites\/4\/2025\/12\/AdobeStock_318586683-oranje-zw-Groot-1536x1024-1.jpg\" class=\"section-img img-fluid rounded\" alt=\"\" srcset=\"https:\/\/antongroep.nl\/civiel-infra\/wp-content\/uploads\/sites\/4\/2025\/12\/AdobeStock_318586683-oranje-zw-Groot-1536x1024-1.jpg 1536w, https:\/\/antongroep.nl\/civiel-infra\/wp-content\/uploads\/sites\/4\/2025\/12\/AdobeStock_318586683-oranje-zw-Groot-1536x1024-1-300x200.jpg 300w, https:\/\/antongroep.nl\/civiel-infra\/wp-content\/uploads\/sites\/4\/2025\/12\/AdobeStock_318586683-oranje-zw-Groot-1536x1024-1-1024x683.jpg 1024w, https:\/\/antongroep.nl\/civiel-infra\/wp-content\/uploads\/sites\/4\/2025\/12\/AdobeStock_318586683-oranje-zw-Groot-1536x1024-1-768x512.jpg 768w\" sizes=\"(max-width: 1536px) 100vw, 1536px\" \/>\t\t\t\t<\/div>\n\n\t\t\t\t\n\t\t\t\t<div class=\"col-12 col-lg-6 col_text mx-auto d-flex align-items-center\">\n\t\t\t\t\t<div class=\"section-body w-100\">\n\t\t\t\t\t\t<div class=\"section-body-inner\">\n\t\t\t\t\t\t\t<h2 class=\"section-title\">Anton GROEP <br><em>ALTIJD DE HOOGSTE KWALITEIT<\/em><\/h2>\n\n\t\t\t\t\t\t\t<div class=\"section-text\"><p>De Anton Groep is een bouwbedrijf dat bouwt aan de toekomst van Europa met inmiddels 15 bedrijven. Allen bieden zij innovatieve oplossingen voor de staal- en betonbouw, industrie, grond-, weg- en waterbouw en op en rond het spoor en de luchthavens.<\/p>\n<p>Ons uitgangspunt daarbij is het bieden van de hoogste kwaliteit, constant en op elk niveau. Een belofte die wij kunnen waarmaken door ondernemerschap, flexibiliteit, innovatiekracht en het samenwerken met echte vakmensen.<\/p>\n<\/div>\n\n\t\t\t\t\t\t\t\n\t\t\t\t\t\t\t\t<div class=\"section-buttons\">\n\t\t\t\t\t\t\t\t\t<a href=\"https:\/\/antongroep.nl\/over-ons\/\" class=\"btn btn-black\" target=\"_blank\" title=\"Over ons\"><span class=\"btn-inner\">Meer over Anton Groep<\/span><\/a>\t\t\t\t\t\t\t\t<\/div>\n\t\t\t\t\t\t\t\t\t\t\t\t\t<\/div>\n\t\t\t\t\t<\/div>\n\t\t\t\t<\/div>\n\t\t\t<\/div>\n\n\t\t<\/div>\n\t<\/div>\n<\/section>\n\n\n<section  class=\"section section_posts\">\n\t<div class=\"container container-narrow-2\">\n\t\t<header class=\"section-header\">\n\t\t\t<h2 class=\"section-title\">Laatste <em>nieuws<\/em><\/h2>\n\t\t<\/header>\n\t<\/div>\n\n\t<div class=\"container container-narrow-1\">\n\n\t\t<div class=\"row row-cols-1 row-cols-md-3 g-4\">\n\t\t\t\t\t\t\t\t\t\t<div class=\"col\">\n<!--\t\t\t\t\t-->\t\t\t\t\t\n\t\t\t\t\t<article id=\"post-9291\" data-blog_id=\"1\"  class=\"card_post card h-100 company- post-6 page type-page status-publish has-post-thumbnail hentry\">\n\t\t\t\t\t\t<img decoding=\"async\" width=\"699\" height=\"604\" src=\"https:\/\/antongroep.nl\/wp-content\/uploads\/2026\/02\/Foto-Anton-Inside.jpg\" class=\"bg-body-secondary card-img-top img-fluid wp-post-image\" alt=\"\" srcset=\"https:\/\/antongroep.nl\/wp-content\/uploads\/2026\/02\/Foto-Anton-Inside.jpg 699w, https:\/\/antongroep.nl\/wp-content\/uploads\/2026\/02\/Foto-Anton-Inside-300x259.jpg 300w\" sizes=\"(max-width: 699px) 100vw, 699px\" \/>\n\t\t\t\t\t\t<div class=\"card-body\">\n\t\t\t\t\t\t\t\t\t\t\t\t\t\t<pre class=\"d-none\">WP_Post Object\n(\n    [ID] => 9291\n    [post_author] => 3\n    [post_date] => 2026-02-13 09:08:14\n    [post_date_gmt] => 2026-02-13 08:08:14\n    [post_content] => <!-- wp:acf\/text {\"name\":\"acf\/text\",\"data\":{\"variant\":\"simple\",\"_variant\":\"field_text_variant\",\"text_block_title\":\"\",\"_text_block_title\":\"field_text_block_title\",\"text_block_text\":\"Met trots introduceren wij Anton Inside: de digitale nieuwsbrief van de Anton Groep.\\r\\n\\r\\nIn deze nieuwsbrief nemen wij u mee in wat ons beweegt, waar we voor staan en hoe wij samen met onze partners bouwen aan duurzame en toekomstbestendige oplossingen.\\r\\n\\r\\nBij Anton Groep geloven we dat techniek pas echt waardevol is wanneer deze bijdraagt aan veiligheid, betrouwbaarheid en langdurige samenwerking. U mag van ons verwachten dat wij altijd werken met oog voor mensen, omgeving en kwaliteit: vandaag \u00e9n morgen. Dit vormt de rode draad in iedere editie van Anton Inside.\",\"_text_block_text\":\"field_text_block_text\",\"text_block_image\":9292,\"_text_block_image\":\"field_text_block_image\",\"image_size\":\"full\",\"_image_size\":\"field_image_size\",\"buttons_0_variant\":\"primary\",\"_buttons_0_variant\":\"subfield_variant\",\"buttons_0_outline\":\"0\",\"_buttons_0_outline\":\"subfield_outline\",\"buttons_0_buttons_repeater_block_text\":\"Aanmelden Nieuwsbrief Anton Inside\",\"_buttons_0_buttons_repeater_block_text\":\"subfield_buttons_repeater_block_text\",\"buttons_0_buttons_repeater_block_link\":{\"title\":\"\",\"url\":\"https:\/\/c.spotler.com\/ct\/m20\/k1\/9mp0JO1ruNBkPlQcSL8dufGtnuCHuW0RGK11epoK3EETYm66myftWSz9IbXNKbXkT4eCEvc4JQWl0o1mkYzTxGBvdhFVAzYyup_w0ONZI0w\/z3F8BhcfaTSdzj4\",\"target\":\"_blank\"},\"_buttons_0_buttons_repeater_block_link\":\"subfield_buttons_repeater_block_link\",\"buttons_0_size\":\"\",\"_buttons_0_size\":\"subfield_size\",\"buttons_0_width\":\"\",\"_buttons_0_width\":\"subfield_width\",\"buttons\":1,\"_buttons\":\"field_buttons\",\"background_color\":\"\",\"_background_color\":\"field_bgs_background_color\",\"background_image\":\"\",\"_background_image\":\"field_bgs_background_image\",\"background_overlay\":\"\",\"_background_overlay\":\"field_bgs_background_overlay\",\"text_color\":\"\",\"_text_color\":\"field_bgs_text_color\",\"show_sites\":\"0\",\"_show_sites\":\"field_show_sites\"},\"mode\":\"edit\",\"alignText\":\"left\"} \/-->\n    [post_title] => Nieuwsbrief Anton Inside\n    [post_excerpt] => Op de hoogte blijven van wat ons beweegt en waar wij voor staan? Meld u dan nu aan voor Anton Inside en ontvang als eerste onze updates, inzichten en inspirerende praktijkverhalen.\n    [post_status] => publish\n    [comment_status] => closed\n    [ping_status] => closed\n    [post_password] => \n    [post_name] => nieuwsbrief-anton-inside\n    [to_ping] => \n    [pinged] => \n    [post_modified] => 2026-02-13 09:08:16\n    [post_modified_gmt] => 2026-02-13 08:08:16\n    [post_content_filtered] => \n    [post_parent] => 0\n    [guid] => https:\/\/antongroep.nl\/?p=9291\n    [menu_order] => 0\n    [post_type] => post\n    [post_mime_type] => \n    [comment_count] => 0\n    [filter] => raw\n    [blog_id] => 1\n    [permalink] => https:\/\/antongroep.nl\/2026\/02\/13\/nieuwsbrief-anton-inside\/\n)\nWP_Site Object\n(\n    [blog_id] => 1\n    [domain] => antongroep.nl\n    [path] => \/\n    [site_id] => 1\n    [registered] => 2024-04-09 11:59:09\n    [last_updated] => 2026-04-20 10:05:58\n    [public] => 1\n    [archived] => 0\n    [mature] => 0\n    [spam] => 0\n    [deleted] => 0\n    [lang_id] => 0\n)\n<\/pre><h3 class=\"card-title\"><a class=\"stretched-link text-reset\" href=\"https:\/\/antongroep.nl\/civiel-infra\/2026\/02\/13\/nieuwsbrief-anton-inside\/\" aria-label=\"Nieuwsbrief Anton Inside\">Nieuwsbrief Anton Inside<\/a><\/h3><h3 class=\"card-title\"><\/h3><div class=\"card-text\">Op de hoogte blijven van wat ons beweegt en waar wij voor staan? Meld u dan nu aan voor Anton Inside en ontvang als eerste onze updates, inzichten en inspirerende praktijkverhalen.<\/div>\n\t\t\t\t\t\t\t<span class=\"card-icon fas fa-chevron-right\"><\/span>\n\t\t\t\t\t\t<\/div>\n\n\t\t\t\t\t\t\t\t\t\t\t<\/article>\n\n\t\t\t\t<\/div>\n\n\t\t\t\t\t\t\t\t<div class=\"col\">\n<!--\t\t\t\t\t-->\t\t\t\t\t\n\t\t\t\t\t<article id=\"post-9108\" data-blog_id=\"1\"  class=\"card_post card h-100 company-anton-groep post-6 page type-page status-publish has-post-thumbnail hentry\">\n\t\t\t\t\t\t<img decoding=\"async\" width=\"724\" height=\"1024\" src=\"https:\/\/antongroep.nl\/wp-content\/uploads\/2026\/01\/Poster-A2_VAST_aanspreken-724x1024.jpg\" class=\"bg-body-secondary card-img-top img-fluid wp-post-image\" alt=\"\" srcset=\"https:\/\/antongroep.nl\/wp-content\/uploads\/2026\/01\/Poster-A2_VAST_aanspreken-724x1024.jpg 724w, https:\/\/antongroep.nl\/wp-content\/uploads\/2026\/01\/Poster-A2_VAST_aanspreken-212x300.jpg 212w, https:\/\/antongroep.nl\/wp-content\/uploads\/2026\/01\/Poster-A2_VAST_aanspreken-768x1086.jpg 768w, https:\/\/antongroep.nl\/wp-content\/uploads\/2026\/01\/Poster-A2_VAST_aanspreken-1086x1536.jpg 1086w, https:\/\/antongroep.nl\/wp-content\/uploads\/2026\/01\/Poster-A2_VAST_aanspreken-1448x2048.jpg 1448w\" sizes=\"(max-width: 724px) 100vw, 724px\" \/>\n\t\t\t\t\t\t<div class=\"card-body\">\n\t\t\t\t\t\t\t<div class=\"card-category\">Anton Groep<\/div>\t\t\t\t\t\t\t<pre class=\"d-none\">WP_Post Object\n(\n    [ID] => 9108\n    [post_author] => 3\n    [post_date] => 2026-01-23 16:03:06\n    [post_date_gmt] => 2026-01-23 15:03:06\n    [post_content] => <!-- wp:acf\/text {\"name\":\"acf\/text\",\"data\":{\"variant\":\"block-1\",\"_variant\":\"field_text_variant\",\"text_block_title\":\"\",\"_text_block_title\":\"field_text_block_title\",\"text_block_text\":\"Uit signalen van de werkvloer en uit externe audits (Veiligheidsladder) blijkt dat risico\u2019s vaak wel worden gezien, maar dat elkaar hierop aanspreken soms lastig is.\\r\\n\\r\\nJuist daarom ligt hier voor ons als groep een mooie kans om samen in te verbeteren. Daarom willen we de komende maanden met de VAST-campagne (Veiligheid Altijd Samen Toetsen) hier extra aandacht aan besteden.\\r\\n\\r\\nVoor het eerste half jaar staat daarom het veiligheidsthema \u2018Elkaar leren aanspreken\u2019 centraal.\\r\\nDit thema gaat over het gesprek op de werkvloer: risico\u2019s benoemen, elkaar helpen en samen zorgen voor veilig werken. Niet vanuit controle, maar vanuit samenwerking en verantwoordelijkheid. Ga jij het gesprek aan?\\r\\n\",\"_text_block_text\":\"field_text_block_text\",\"text_block_image\":9109,\"_text_block_image\":\"field_text_block_image\",\"image_size\":\"full\",\"_image_size\":\"field_image_size\",\"buttons\":\"\",\"_buttons\":\"field_buttons\",\"background_color\":\"\",\"_background_color\":\"field_bgs_background_color\",\"background_image\":\"\",\"_background_image\":\"field_bgs_background_image\",\"background_overlay\":\"\",\"_background_overlay\":\"field_bgs_background_overlay\",\"text_color\":\"\",\"_text_color\":\"field_bgs_text_color\",\"show_sites\":\"0\",\"_show_sites\":\"field_show_sites\"},\"mode\":\"edit\",\"alignText\":\"left\"} \/-->\n    [post_title] => Veiligheidsthema \"Elkaar leren aanspreken\"\n    [post_excerpt] => Risico\u2019s worden vaak wel gezien, maar dat elkaar hierop aanspreken soms lastig is.\n\nHier ligt voor ons als groep een mooie kans om samen in te verbeteren. Het onderwerp van de komende VAST-campagne is daarom het veiligheidsthema \u2018Elkaar leren aanspreken\u2019.\n    [post_status] => publish\n    [comment_status] => closed\n    [ping_status] => closed\n    [post_password] => \n    [post_name] => 9108\n    [to_ping] => \n    [pinged] => \n    [post_modified] => 2026-01-23 16:04:13\n    [post_modified_gmt] => 2026-01-23 15:04:13\n    [post_content_filtered] => \n    [post_parent] => 0\n    [guid] => https:\/\/antongroep.nl\/?p=9108\n    [menu_order] => 0\n    [post_type] => post\n    [post_mime_type] => \n    [comment_count] => 0\n    [filter] => raw\n    [blog_id] => 1\n    [permalink] => https:\/\/antongroep.nl\/2026\/01\/23\/9108\/\n)\nWP_Site Object\n(\n    [blog_id] => 1\n    [domain] => antongroep.nl\n    [path] => \/\n    [site_id] => 1\n    [registered] => 2024-04-09 11:59:09\n    [last_updated] => 2026-04-20 10:05:58\n    [public] => 1\n    [archived] => 0\n    [mature] => 0\n    [spam] => 0\n    [deleted] => 0\n    [lang_id] => 0\n)\n<\/pre><h3 class=\"card-title\"><a class=\"stretched-link text-reset\" href=\"https:\/\/antongroep.nl\/civiel-infra\/2026\/01\/23\/9108\/\" aria-label=\"Veiligheidsthema &quot;Elkaar leren aanspreken&quot;\">Veiligheidsthema &quot;Elkaar leren aanspreken&quot;<\/a><\/h3><h3 class=\"card-title\"><\/h3><div class=\"card-text\">Risico\u2019s worden vaak wel gezien, maar dat elkaar hierop aanspreken soms lastig is.\n\nHier ligt voor ons als groep een mooie kans om samen in te verbeteren. Het onderwerp van de komende VAST-campagne is daarom het veiligheidsthema \u2018Elkaar leren aanspreken\u2019.<\/div>\n\t\t\t\t\t\t\t<span class=\"card-icon fas fa-chevron-right\"><\/span>\n\t\t\t\t\t\t<\/div>\n\n\t\t\t\t\t\t\t\t\t\t\t<\/article>\n\n\t\t\t\t<\/div>\n\n\t\t\t\t\t\t\t\t<div class=\"col\">\n<!--\t\t\t\t\t-->\t\t\t\t\t\n\t\t\t\t\t<article id=\"post-9004\" data-blog_id=\"1\"  class=\"card_post card h-100 company- post-6 page type-page status-publish has-post-thumbnail hentry\">\n\t\t\t\t\t\t<img decoding=\"async\" width=\"768\" height=\"1024\" src=\"https:\/\/antongroep.nl\/wp-content\/uploads\/2026\/01\/WhatsApp-Image-2026-01-09-at-14.57.39-1-768x1024.jpeg\" class=\"bg-body-secondary card-img-top img-fluid wp-post-image\" alt=\"\" srcset=\"https:\/\/antongroep.nl\/wp-content\/uploads\/2026\/01\/WhatsApp-Image-2026-01-09-at-14.57.39-1-768x1024.jpeg 768w, https:\/\/antongroep.nl\/wp-content\/uploads\/2026\/01\/WhatsApp-Image-2026-01-09-at-14.57.39-1-225x300.jpeg 225w, https:\/\/antongroep.nl\/wp-content\/uploads\/2026\/01\/WhatsApp-Image-2026-01-09-at-14.57.39-1-1152x1536.jpeg 1152w, https:\/\/antongroep.nl\/wp-content\/uploads\/2026\/01\/WhatsApp-Image-2026-01-09-at-14.57.39-1.jpeg 1500w\" sizes=\"(max-width: 768px) 100vw, 768px\" \/>\n\t\t\t\t\t\t<div class=\"card-body\">\n\t\t\t\t\t\t\t\t\t\t\t\t\t\t<pre class=\"d-none\">WP_Post Object\n(\n    [ID] => 9004\n    [post_author] => 3\n    [post_date] => 2026-01-09 15:28:09\n    [post_date_gmt] => 2026-01-09 14:28:09\n    [post_content] => <!-- wp:acf\/text {\"name\":\"acf\/text\",\"data\":{\"variant\":\"block-1\",\"_variant\":\"field_text_variant\",\"text_block_title\":\"\",\"_text_block_title\":\"field_text_block_title\",\"text_block_text\":\"\ud835\udc00\ud835\udc27\ud835\udc2d\ud835\udc28\ud835\udc27 \ud835\udc16\ud835\udc22\ud835\udc27\ud835\udc2d\ud835\udc1e\ud835\udc2b\ud835\udc2c\ud835\udc1c\ud835\udc21\ud835\udc28\ud835\udc28\ud835\udc25: \ud835\udc1e\ud835\udc1e\ud835\udc27 \ud835\udc2c\ud835\udc2d\ud835\udc1e\ud835\udc2b\ud835\udc24\ud835\udc1e \ud835\udc2c\ud835\udc2d\ud835\udc1a\ud835\udc2b\ud835\udc2d \ud835\udc2f\ud835\udc1a\ud835\udc27 \ud835\udc21\ud835\udc1e\ud835\udc2d \ud835\udc23\ud835\udc1a\ud835\udc1a\ud835\udc2b\\r\\n\\r\\nAnton Groep is het jaar goed begonnen met de Anton Winterschool. Een week waarin ontwikkeling, veiligheid en vakmanschap centraal stonden. Terwijl het buiten winter was, werd er binnen volop ge\u00efnvesteerd in kennis en vaardigheden.\\r\\n\\r\\nTijdens de Winterschool volgden collega\u2019s verschillende opleidingen en herhalingen, waaronder heftruck, bovenloopkraan, BHV en VCA.\\r\\n\\r\\nNaast het behalen en verlengen van certificaten was de Winterschool ook een mooi moment om samen te komen.\\r\\n\\r\\nEen investering in onze mensen \u00e9n in de kwaliteit van ons werk.\\r\\nOp naar een veilig en succesvol jaar!\",\"_text_block_text\":\"field_text_block_text\",\"text_block_image\":9013,\"_text_block_image\":\"field_text_block_image\",\"image_size\":\"full\",\"_image_size\":\"field_image_size\",\"buttons\":\"\",\"_buttons\":\"field_buttons\",\"background_color\":\"\",\"_background_color\":\"field_bgs_background_color\",\"background_image\":\"\",\"_background_image\":\"field_bgs_background_image\",\"background_overlay\":\"\",\"_background_overlay\":\"field_bgs_background_overlay\",\"text_color\":\"\",\"_text_color\":\"field_bgs_text_color\",\"show_sites\":\"0\",\"_show_sites\":\"field_show_sites\"},\"mode\":\"edit\",\"alignText\":\"left\"} \/-->\n\n<!-- wp:acf\/image-columns {\"name\":\"acf\/image-columns\",\"data\":{\"image_columns_0_image\":9005,\"_image_columns_0_image\":\"subfield_image\",\"image_columns_0_image_size\":\"full\",\"_image_columns_0_image_size\":\"subfield_image_size\",\"image_columns_0_rounded\":\"0\",\"_image_columns_0_rounded\":\"subfield_image_rounded\",\"image_columns_0_caption\":\"\",\"_image_columns_0_caption\":\"subfield_caption\",\"image_columns_1_image\":9009,\"_image_columns_1_image\":\"subfield_image\",\"image_columns_1_image_size\":\"full\",\"_image_columns_1_image_size\":\"subfield_image_size\",\"image_columns_1_rounded\":\"0\",\"_image_columns_1_rounded\":\"subfield_image_rounded\",\"image_columns_1_caption\":\"\",\"_image_columns_1_caption\":\"subfield_caption\",\"image_columns_2_image\":9007,\"_image_columns_2_image\":\"subfield_image\",\"image_columns_2_image_size\":\"full\",\"_image_columns_2_image_size\":\"subfield_image_size\",\"image_columns_2_rounded\":\"0\",\"_image_columns_2_rounded\":\"subfield_image_rounded\",\"image_columns_2_caption\":\"\",\"_image_columns_2_caption\":\"subfield_caption\",\"image_columns\":3,\"_image_columns\":\"field_image_columns\",\"columns\":\"4\",\"_columns\":\"field_image_columns_columns\",\"container_width\":\"\",\"_container_width\":\"field_image_columns_container_width\"},\"mode\":\"edit\"} \/-->\n    [post_title] => Anton Winterschool\n    [post_excerpt] => Anton Groep is het jaar goed begonnen met de Anton Winterschool. Diverse collega's volgden verschillende opleidingen en herhalingen, waaronder heftruck, bovenloopkraan, BHV en VCA.\n\nEen investering in onze mensen \u00e9n in de kwaliteit van ons werk.\nOp naar een veilig en succesvol jaar!\n    [post_status] => publish\n    [comment_status] => closed\n    [ping_status] => closed\n    [post_password] => \n    [post_name] => anton-winterschool\n    [to_ping] => \n    [pinged] => \n    [post_modified] => 2026-01-09 15:31:47\n    [post_modified_gmt] => 2026-01-09 14:31:47\n    [post_content_filtered] => \n    [post_parent] => 0\n    [guid] => https:\/\/antongroep.nl\/?p=9004\n    [menu_order] => 0\n    [post_type] => post\n    [post_mime_type] => \n    [comment_count] => 0\n    [filter] => raw\n    [blog_id] => 1\n    [permalink] => https:\/\/antongroep.nl\/2026\/01\/09\/anton-winterschool\/\n)\nWP_Site Object\n(\n    [blog_id] => 1\n    [domain] => antongroep.nl\n    [path] => \/\n    [site_id] => 1\n    [registered] => 2024-04-09 11:59:09\n    [last_updated] => 2026-04-20 10:05:58\n    [public] => 1\n    [archived] => 0\n    [mature] => 0\n    [spam] => 0\n    [deleted] => 0\n    [lang_id] => 0\n)\n<\/pre><h3 class=\"card-title\"><a class=\"stretched-link text-reset\" href=\"https:\/\/antongroep.nl\/civiel-infra\/2026\/01\/09\/anton-winterschool\/\" aria-label=\"Anton Winterschool\">Anton Winterschool<\/a><\/h3><h3 class=\"card-title\"><\/h3><div class=\"card-text\">Anton Groep is het jaar goed begonnen met de Anton Winterschool. Diverse collega&#8217;s volgden verschillende opleidingen en herhalingen, waaronder heftruck, bovenloopkraan, BHV en VCA.\n\nEen investering in onze mensen \u00e9n in de kwaliteit van ons werk.\nOp naar een veilig en succesvol jaar!<\/div>\n\t\t\t\t\t\t\t<span class=\"card-icon fas fa-chevron-right\"><\/span>\n\t\t\t\t\t\t<\/div>\n\n\t\t\t\t\t\t\t\t\t\t\t<\/article>\n\n\t\t\t\t<\/div>\n\n\t\t\t\t\t\t<\/div>\n\t\t\n\n\t\t<div class=\"section-buttons mt-4\"><a href=\"https:\/\/antongroep.nl\/civiel-infra\/nieuws\/\" class=\"btn btn-link\" title=\"Nieuws\">Meer nieuws <span class=\"icon icon-right fas fa-arrow-right\"><\/span><\/a><\/div>\n\t\t\t<\/div>\n<\/section>\n\n","protected":false},"excerpt":{"rendered":"","protected":false},"author":2,"featured_media":9,"parent":0,"menu_order":0,"comment_status":"closed","ping_status":"closed","template":"","meta":{"_monsterinsights_skip_tracking":false,"_monsterinsights_sitenote_active":false,"_monsterinsights_sitenote_note":"","_monsterinsights_sitenote_category":0,"footnotes":""},"class_list":["post-6","page","type-page","status-publish","has-post-thumbnail","hentry"],"aioseo_notices":[],"acf":[],"_links":{"self":[{"href":"https:\/\/antongroep.nl\/civiel-infra\/wp-json\/wp\/v2\/pages\/6","targetHints":{"allow":["GET"]}}],"collection":[{"href":"https:\/\/antongroep.nl\/civiel-infra\/wp-json\/wp\/v2\/pages"}],"about":[{"href":"https:\/\/antongroep.nl\/civiel-infra\/wp-json\/wp\/v2\/types\/page"}],"author":[{"embeddable":true,"href":"https:\/\/antongroep.nl\/civiel-infra\/wp-json\/wp\/v2\/users\/2"}],"replies":[{"embeddable":true,"href":"https:\/\/antongroep.nl\/civiel-infra\/wp-json\/wp\/v2\/comments?post=6"}],"version-history":[{"count":141,"href":"https:\/\/antongroep.nl\/civiel-infra\/wp-json\/wp\/v2\/pages\/6\/revisions"}],"predecessor-version":[{"id":1462,"href":"https:\/\/antongroep.nl\/civiel-infra\/wp-json\/wp\/v2\/pages\/6\/revisions\/1462"}],"wp:featuredmedia":[{"embeddable":true,"href":"https:\/\/antongroep.nl\/civiel-infra\/wp-json\/wp\/v2\/media\/9"}],"wp:attachment":[{"href":"https:\/\/antongroep.nl\/civiel-infra\/wp-json\/wp\/v2\/media?parent=6"}],"curies":[{"name":"wp","href":"https:\/\/api.w.org\/{rel}","templated":true}]}}